{"id":5404,"date":"2022-09-14T10:30:23","date_gmt":"2022-09-14T10:30:23","guid":{"rendered":"https:\/\/guerrerosgalapagar.org\/artes-marciales\/?page_id=5404"},"modified":"2025-10-31T11:49:21","modified_gmt":"2025-10-31T10:49:21","slug":"karategui","status":"publish","type":"page","link":"https:\/\/guerrerosgalapagar.org\/artes-marciales\/karategui\/","title":{"rendered":"Karate-Gi"},"content":{"rendered":"<div id=\"pl-5404\"  class=\"panel-layout\" ><div id=\"pg-5404-0\"  class=\"panel-grid panel-has-style\" ><div style=\"padding: 100px 0; \" data-overlay=\"true\" data-overlay-color=\"#000000\" class=\"panel-row-style panel-row-style-for-5404-0\" ><div id=\"pgc-5404-0-0\"  class=\"panel-grid-cell\" ><div id=\"panel-5404-0-0-0\" class=\"so-panel widget widget_sow-image panel-first-child panel-last-child\" data-index=\"0\" ><div style=\"text-align: center;\" data-title-color=\"#443f3f\" data-headings-color=\"#443f3f\" class=\"panel-widget-style panel-widget-style-for-5404-0-0-0\" ><div\n\t\t\t\n\t\t\tclass=\"so-widget-sow-image so-widget-sow-image-default-113ccd71f3e6-5404\"\n\t\t\t\n\t\t>\n<div class=\"sow-image-container\">\n\t\t<img \n\tsrc=\"https:\/\/guerrerosgalapagar.org\/artes-marciales\/wp-content\/uploads\/2022\/09\/karate-1024x1024.jpg\" width=\"1024\" height=\"1024\" srcset=\"https:\/\/guerrerosgalapagar.org\/artes-marciales\/wp-content\/uploads\/2022\/09\/karate-1024x1024.jpg 1024w, https:\/\/guerrerosgalapagar.org\/artes-marciales\/wp-content\/uploads\/2022\/09\/karate-300x300.jpg 300w, https:\/\/guerrerosgalapagar.org\/artes-marciales\/wp-content\/uploads\/2022\/09\/karate-150x150.jpg 150w, https:\/\/guerrerosgalapagar.org\/artes-marciales\/wp-content\/uploads\/2022\/09\/karate-768x768.jpg 768w, https:\/\/guerrerosgalapagar.org\/artes-marciales\/wp-content\/uploads\/2022\/09\/karate-600x600.jpg 600w, https:\/\/guerrerosgalapagar.org\/artes-marciales\/wp-content\/uploads\/2022\/09\/karate-160x160.jpg 160w, https:\/\/guerrerosgalapagar.org\/artes-marciales\/wp-content\/uploads\/2022\/09\/karate-920x920.jpg 920w, https:\/\/guerrerosgalapagar.org\/artes-marciales\/wp-content\/uploads\/2022\/09\/karate-230x230.jpg 230w, https:\/\/guerrerosgalapagar.org\/artes-marciales\/wp-content\/uploads\/2022\/09\/karate-350x350.jpg 350w, https:\/\/guerrerosgalapagar.org\/artes-marciales\/wp-content\/uploads\/2022\/09\/karate-480x480.jpg 480w, https:\/\/guerrerosgalapagar.org\/artes-marciales\/wp-content\/uploads\/2022\/09\/karate-420x420.jpg 420w, https:\/\/guerrerosgalapagar.org\/artes-marciales\/wp-content\/uploads\/2022\/09\/karate-800x800.jpg 800w, https:\/\/guerrerosgalapagar.org\/artes-marciales\/wp-content\/uploads\/2022\/09\/karate-100x100.jpg 100w, https:\/\/guerrerosgalapagar.org\/artes-marciales\/wp-content\/uploads\/2022\/09\/karate.jpg 1200w\" sizes=\"(max-width: 1024px) 100vw, 1024px\" alt=\"\" \t\tclass=\"so-widget-image\"\/>\n\t<\/div>\n\n<\/div><\/div><\/div><\/div><div id=\"pgc-5404-0-1\"  class=\"panel-grid-cell\" ><div id=\"panel-5404-0-1-0\" class=\"so-panel widget widget_text panel-first-child panel-last-child\" data-index=\"1\" ><div style=\"text-align: left;\" data-title-color=\"#443f3f\" data-headings-color=\"#443f3f\" class=\"panel-widget-style panel-widget-style-for-5404-0-1-0\" ><h3 class=\"widget-title\">Karategui<\/h3>\t\t\t<div class=\"textwidget\"><ul>\n<li>Mezcla de poli\u00e9ster y algod\u00f3n.<\/li>\n<li>La cintura el\u00e1stica con cordones en todas las tallas de pantal\u00f3n facilita la colocaci\u00f3n al karateka.<\/li>\n<li>Reforzado en hombros, laterales y entrepierna.<\/li>\n<li>Logo en la espalda<\/li>\n<li>Precio\n<ul>\n<li>100 a 150 cm 33\u20ac<\/li>\n<li>160cm en adelante 38\u20ac<\/li>\n<li>Cintur\u00f3n personalizado por 5\u20ac<\/li>\n<\/ul>\n<\/li>\n<li>P\u00eddelo por WhatsApp\u00a0 <a href=\"http:\/\/wa.link\/tdb5tj\">http:\/\/wa.link\/tdb5tj<\/a><\/li>\n<\/ul>\n<p>&nbsp;<\/p>\n<p>&nbsp;<\/p>\n<p>&nbsp;<\/p>\n<p>&nbsp;<\/p>\n<\/div>\n\t\t<\/div><\/div><\/div><\/div><\/div><\/div>","protected":false},"excerpt":{"rendered":"<p>Mezcla de poli\u00e9ster y algod\u00f3n. La cintura el\u00e1stica con cordones en todas las tallas de pantal\u00f3n facilita la colocaci\u00f3n al karateka. Reforzado [&hellip;]<\/p>\n","protected":false},"author":3,"featured_media":0,"parent":0,"menu_order":0,"comment_status":"closed","ping_status":"closed","template":"","meta":{"footnotes":""},"class_list":["post-5404","page","type-page","status-publish","hentry"],"_links":{"self":[{"href":"https:\/\/guerrerosgalapagar.org\/artes-marciales\/wp-json\/wp\/v2\/pages\/5404","targetHints":{"allow":["GET"]}}],"collection":[{"href":"https:\/\/guerrerosgalapagar.org\/artes-marciales\/wp-json\/wp\/v2\/pages"}],"about":[{"href":"https:\/\/guerrerosgalapagar.org\/artes-marciales\/wp-json\/wp\/v2\/types\/page"}],"author":[{"embeddable":true,"href":"https:\/\/guerrerosgalapagar.org\/artes-marciales\/wp-json\/wp\/v2\/users\/3"}],"replies":[{"embeddable":true,"href":"https:\/\/guerrerosgalapagar.org\/artes-marciales\/wp-json\/wp\/v2\/comments?post=5404"}],"version-history":[{"count":10,"href":"https:\/\/guerrerosgalapagar.org\/artes-marciales\/wp-json\/wp\/v2\/pages\/5404\/revisions"}],"predecessor-version":[{"id":7482,"href":"https:\/\/guerrerosgalapagar.org\/artes-marciales\/wp-json\/wp\/v2\/pages\/5404\/revisions\/7482"}],"wp:attachment":[{"href":"https:\/\/guerrerosgalapagar.org\/artes-marciales\/wp-json\/wp\/v2\/media?parent=5404"}],"curies":[{"name":"wp","href":"https:\/\/api.w.org\/{rel}","templated":true}]}}